{"id":7596,"date":"2023-11-08T10:34:25","date_gmt":"2023-11-08T09:34:25","guid":{"rendered":"https:\/\/www.pulzus.eu\/?page_id=7596"},"modified":"2023-11-08T10:34:25","modified_gmt":"2023-11-08T09:34:25","slug":"nyeremenyjatek-2023-11","status":"publish","type":"page","link":"https:\/\/www.pulzus.eu\/en\/nyeremenyjatek-2023-11\/","title":{"rendered":"Copy Copy Copy Nyerem\u00e9nyj\u00e1t\u00e9k 2023.05"},"content":{"rendered":"<p><b>PULZUS APP M\u00c1JUSI NYEREM\u00c9NYJ\u00c1T\u00c9K \u2013 J\u00c1T\u00c9KSZAB\u00c1LYZAT<\/b><\/p>\n<p><b>\u00a0<\/b><span style=\"font-weight: 400;\">A Magyar Target-Pulzus M\u00e9dia Kutat\u00f3 Korl\u00e1tolt Felel\u0151ss\u00e9g\u0171 T\u00e1rsas\u00e1g (sz\u00e9khely: 1096 Budapest, Thaly K\u00e1lm\u00e1n utca 39., c\u00e9gjegyz\u00e9ksz\u00e1m:01-09-669916, ad\u00f3sz\u00e1m: 12358764-2-43, a tov\u00e1bbiakban \u201cSzervez\u0151\u201d)\u201dM\u00c1JUSI NYEREM\u00c9NYJ\u00c1T\u00c9K\u201d\u00a0n\u00e9ven nyerem\u00e9nyj\u00e1t\u00e9kot (a tov\u00e1bbiakban: \u201eJ\u00e1t\u00e9k\u201d) hirdet.<\/span><\/p>\n<p><span style=\"font-weight: 400;\">\u00a0<\/span><span style=\"font-weight: 400;\">K\u00e9rj\u00fck, olvassa el figyelmesen j\u00e1t\u00e9k al\u00e1bbi r\u00e9szv\u00e9teli felt\u00e9teleit. A J\u00e1t\u00e9kban val\u00f3 r\u00e9szv\u00e9tel a J\u00e1t\u00e9k jelen hivatalos szab\u00e1lyzat\u00e1nak (a tov\u00e1bbiakban: \u201eSzab\u00e1lyzat\u201d) automatikus elfogad\u00e1s\u00e1t jelenti azzal, hogy a Szab\u00e1lyzat elfogad\u00e1s\u00e1t a r\u00e9sztvev\u0151k a regisztr\u00e1ci\u00f3 sor\u00e1n k\u00fcl\u00f6n nyilatkozattal er\u0151s\u00edtik meg.<\/span><\/p>\n<p><b>1. A J\u00e1t\u00e9kban val\u00f3 r\u00e9szv\u00e9tel felt\u00e9telei<\/b><\/p>\n<p><span style=\"font-weight: 400;\">A J\u00e1t\u00e9kban r\u00e9sztvev\u0151 szem\u00e9lyek, a tov\u00e1bbiakban: a \u201eR\u00e9sztvev\u0151\u201d. A J\u00e1t\u00e9kban csak Magyarorsz\u00e1g ter\u00fclet\u00e9n \u00e1lland\u00f3 lakc\u00edmmel rendelkez\u0151, term\u00e9szetes szem\u00e9lyek vehetnek r\u00e9szt, akik bet\u00f6lt\u00f6tt\u00e9k 18. \u00e9let\u00e9v\u00fcket.<\/span><\/p>\n<p><span style=\"font-weight: 400;\">A J\u00e1t\u00e9kban val\u00f3 r\u00e9szv\u00e9tel felt\u00e9tele tov\u00e1bb\u00e1, hogy a R\u00e9sztvev\u0151 a Pulzus App alkalmaz\u00e1st telep\u00edtse, a regisztr\u00e1ci\u00f3s folyamatot befejezze, illetve a sz\u00fcks\u00e9ges adatokat megadja.<\/span><\/p>\n<p><span style=\"font-weight: 400;\">Az alkalmaz\u00e1s telep\u00edt\u00e9s\u00e9vel\/haszn\u00e1lat\u00e1val elfogadja:<\/span><\/p>\n<ol>\n<li style=\"font-weight: 400;\" aria-level=\"1\"><span style=\"font-weight: 400;\">Elfogadja jelen j\u00e1t\u00e9kszab\u00e1lyzatot.<\/span><\/li>\n<li style=\"font-weight: 400;\" aria-level=\"1\"><span style=\"font-weight: 400;\">Elfogadja az \u00c1ltal\u00e1nos Szerz\u0151d\u00e9si Felt\u00e9teleket (\u00c1SZF).<\/span><\/li>\n<li style=\"font-weight: 400;\" aria-level=\"1\"><span style=\"font-weight: 400;\">Elfogadja az Adatkezel\u00e9si t\u00e1j\u00e9koztat\u00f3t.<\/span><\/li>\n<li style=\"font-weight: 400;\" aria-level=\"1\"><span style=\"font-weight: 400;\">A Pulzus Applik\u00e1ci\u00f3 regisztr\u00e1ci\u00f3s folyamata sor\u00e1n a val\u00f3s\u00e1gnak megfelel\u0151en megadja a k\u00f6vetkez\u0151 adatait: sz\u00fclet\u00e9si \u00e9ve, neme, legmagasabb iskolai v\u00e9gzetts\u00e9ge, \u00e1lland\u00f3 lakhely\u00e9nek telep\u00fcl\u00e9st\u00edpusa.<\/span><\/li>\n<li style=\"font-weight: 400;\" aria-level=\"1\"><span style=\"font-weight: 400;\">A R\u00e9sztvev\u0151 az Alkalmaz\u00e1s haszn\u00e1lata sor\u00e1n, \u00edgy p\u00e9ld\u00e1ul \u2013 jellemz\u0151en, de nem kiz\u00e1r\u00f3lag \u2013 a k\u00e9rd\u00e9sekre adott v\u00e1laszaival 70 Pulzus pontot (tov\u00e1bbiakban: Pont vagy Pontok) szerez. A Pontokat az Alkalmaz\u00e1s automatikusan a R\u00e9sztvev\u0151h\u00f6z rendeli.<\/span><\/li>\n<\/ol>\n<p><span style=\"font-weight: 400;\">A J\u00e1t\u00e9kban a Pulzus Alkalmaz\u00e1s hivatalos verzi\u00f3j\u00e1n kereszt\u00fcl a fent felsorolt felt\u00e9teleknek eleget tev\u0151k vehetnek r\u00e9szt.<\/span><\/p>\n<p><span style=\"font-weight: 400;\">A Szervez\u0151nek jog\u00e1ban \u00e1ll b\u00e1rmikor megvizsg\u00e1lni, hogy az egyes R\u00e9sztvev\u0151k teljes\u00edtik-e a J\u00e1t\u00e9k megadott felt\u00e9teleit, valamint a Szervez\u0151 egy\u00e9b, \u00e9s a R\u00e9sztvev\u0151k \u00e1ltal elfogadott dokumentumaiban meghat\u00e1rozott felt\u00e9teleket \u00e9s a felt\u00e9telek nem teljes\u00edt\u00e9se eset\u00e9n jogosult \u2013 el\u0151zetes t\u00e1j\u00e9koztat\u00e1s n\u00e9lk\u00fcl \u2013 az adott R\u00e9sztvev\u0151t kiz\u00e1rni a J\u00e1t\u00e9kb\u00f3l.<\/span><\/p>\n<p><span style=\"font-weight: 400;\">A J\u00e1t\u00e9kban a Szervez\u0151nek \u00e9s a kapcsolt v\u00e1llalkoz\u00e1sainak munkav\u00e1llal\u00f3i, vezet\u0151 tiszts\u00e9gvisel\u0151i, tov\u00e1bb\u00e1 a Szervez\u0151vel \u00e9s a kapcsolt v\u00e1llalkoz\u00e1saival megb\u00edz\u00e1si, v\u00e1llalkoz\u00e1si, vagy munkav\u00e9gz\u00e9sre ir\u00e1nyul\u00f3 egy\u00e9b jogviszonyban \u00e1ll\u00f3 szem\u00e9lyek, valamint mindezen szem\u00e9lyeknek a Polg\u00e1ri T\u00f6rv\u00e9nyk\u00f6nyvr\u0151l sz\u00f3l\u00f3 2013. \u00e9vi V. t\u00f6rv\u00e9ny 8:1.\u00a7 (1) bek. 2. pontj\u00e1ban meghat\u00e1rozott hozz\u00e1tartoz\u00f3i nem vehetnek r\u00e9szt.<\/span><\/p>\n<p><b>2. A J\u00e1t\u00e9k id\u0151tartama<\/b><\/p>\n<p><span style=\"font-weight: 400;\">A J\u00e1t\u00e9k 2023.05.06. 00:01 \u00e9s 2023.06.06. 23:59 k\u00f6z\u00f6tt tart, az ezen id\u0151szakban a Pulzus App felhaszn\u00e1l\u00f3i a jelen J\u00e1t\u00e9kszab\u00e1lyzatnak megfelel\u0151en vesznek r\u00e9szt a J\u00e1t\u00e9kban.<\/span><\/p>\n<p><b>3. A J\u00e1t\u00e9k menete<\/b><\/p>\n<p><span style=\"font-weight: 400;\">A Szervez\u0151 a 4. pontban meghat\u00e1rozott Nyerem\u00e9nyeket sorsolja azon, az 1. pontban foglalt felt\u00e9teleknek megfelel\u0151 j\u00e1t\u00e9kosok k\u00f6z\u00f6tt, akik a J\u00e1t\u00e9k 2. pontban meghat\u00e1rozott id\u0151tartam\u00e1ban teljes\u00edtik a J\u00e1t\u00e9k felt\u00e9teleit.<\/span><\/p>\n<p><span style=\"font-weight: 400;\">A J\u00e1t\u00e9kban val\u00f3 r\u00e9szv\u00e9telhez r\u00e9sztvev\u0151nek a j\u00e1t\u00e9k id\u0151tartama alatt legal\u00e1bb 70 Pulzus Pontot kell gy\u0171jtenie oly m\u00f3don, hogy v\u00e1laszol a Pulzus Applik\u00e1ci\u00f3ban megjelen\u0151 k\u00e9rd\u00e9sekre.<\/span><\/p>\n<p><span style=\"font-weight: 400;\">A J\u00e1t\u00e9kban csak a j\u00e1t\u00e9k id\u0151tartama alatt megszerzett Pulzus Pontok v\u00e1lthat\u00f3ak.<\/span><\/p>\n<p><span style=\"font-weight: 400;\">A R\u00e9sztvev\u0151 tudom\u00e1sul veszi, hogy az Alkalmaz\u00e1s t\u00f6rl\u00e9s\u00e9vel a Pontokhoz val\u00f3 hozz\u00e1f\u00e9r\u00e9se, illetve azok bev\u00e1lt\u00e1s\u00e1nak lehet\u0151s\u00e9ge megsz\u0171nik. Az Alkalmaz\u00e1s t\u00f6rl\u00e9s\u00e9vel, a t\u00f6rl\u00e9s id\u0151pontj\u00e1ban a R\u00e9sztvev\u0151h\u00f6z rendelt \u00f6sszes be nem v\u00e1ltott Pont v\u00e9glegesen elv\u00e9sz, f\u00fcggetlen\u00fcl att\u00f3l, hogyan \u00e9s mikor szerezte azokat.<\/span><\/p>\n<p><span style=\"font-weight: 400;\">A Szervez\u0151 saj\u00e1t d\u00f6nt\u00e9se, hogy az adott k\u00e9rd\u00e9shez h\u00e1ny Pontot rendel. Emellett a Szervez\u0151 fenntartja a jogot, hogy egyes aktivit\u00e1sok \u00f6szt\u00f6nz\u00e9s\u00e9re t\u00f6bb Pontot adjon.<\/span><\/p>\n<p><span style=\"font-weight: 400;\">A Szervez\u0151 a nyerem\u00e9nyek sorsol\u00e1sakor nem veszi figyelembe a Pulzus Applik\u00e1ci\u00f3 let\u00f6lt\u00e9s\u00e9nek id\u0151pontj\u00e1t.<\/span><\/p>\n<p><span style=\"font-weight: 400;\">A Szervez\u0151 a k\u00e9rd\u0151\u00edvre adott v\u00e1laszokat anonimiz\u00e1lja, azokat statisztikai c\u00e9lokra haszn\u00e1lja fel.<\/span><\/p>\n<p><span style=\"font-weight: 400;\">A Szervez\u0151 kiz\u00e1r\u00f3lag a hozz\u00e1 meg\u00e9rkezett \u00e9s a jelen J\u00e1t\u00e9kszab\u00e1lyzatban foglalt felt\u00e9teleknek megfelel\u0151 regisztr\u00e1l\u00f3k k\u00f6z\u00f6tt sorsolja a nyerem\u00e9nyeket.<\/span><\/p>\n<p><span style=\"font-weight: 400;\">A Szervez\u0151 a hib\u00e1s vagy \u00e9rv\u00e9nytelen regisztr\u00e1ci\u00f3k\u00e9rt (pl. \u00e9rv\u00e9nytelen e-mail c\u00edm megad\u00e1sa) valamint a j\u00e1t\u00e9kos \u00e9rdekk\u00f6r\u00e9ben felmer\u00fcl\u0151 egy\u00e9b hib\u00e1k\u00e9rt (pl. a t\u00e1vk\u00f6zl\u00e9si rendszer hib\u00e1i\u00e9rt) felel\u0151ss\u00e9g\u00e9t kiz\u00e1rja.<\/span><\/p>\n<p><b>4. A nyerem\u00e9nyek<\/b><\/p>\n<p><span style=\"font-weight: 400;\">A J\u00e1t\u00e9k id\u0151tartama alatt a Szervez\u0151 10 db, egyenk\u00e9nt 5.000 forint (\u00f6tezer forint) \u00e9rt\u00e9k\u0171 ALZA utalv\u00e1nyt sorsol ki a j\u00e1t\u00e9kosok k\u00f6z\u00f6tt. A v\u00e1s\u00e1rl\u00e1si utalv\u00e1nyok az utalv\u00e1nyon meghat\u00e1rozott id\u0151pontig haszn\u00e1lhat\u00f3ak fel.<\/span><\/p>\n<p><span style=\"font-weight: 400;\">A nyerem\u00e9ny sem k\u00e9szp\u00e9nzre vagy egy\u00e9b t\u00e1rgyi nyerem\u00e9nyre, \u00e9rt\u00e9kkel b\u00edr\u00f3 dologra nem v\u00e1lthat\u00f3 \u00e1t \u00e9s \u00e1t sem ruh\u00e1zhat\u00f3 m\u00e1s szem\u00e9lyre. A v\u00e1s\u00e1rl\u00e1si utalv\u00e1nyokb\u00f3l k\u00e9szp\u00e9nz nem adhat\u00f3 vissza. A v\u00e1s\u00e1rl\u00e1si utalv\u00e1nyok k\u00e9szp\u00e9nzre nem v\u00e1lthat\u00f3k, hamis\u00edt\u00e1suk, sokszoros\u00edt\u00e1suk szigor\u00faan tilos. Az elveszett vagy b\u00e1rmely okb\u00f3l megsemmis\u00fclt v\u00e1s\u00e1rl\u00e1si utalv\u00e1nyok p\u00f3tl\u00e1sa, cser\u00e9je nem lehets\u00e9ges. A nem eredeti, megs\u00e9r\u00fclt vagy megrong\u00e1l\u00f3dott v\u00e1s\u00e1rl\u00e1si utalv\u00e1ny bev\u00e1lt\u00e1s\u00e1t a bev\u00e1lt\u00e1st v\u00e9gz\u0151 Alza.hu Kft. visszautas\u00edthatja.<\/span><\/p>\n<p><b>5. A nyertesek sorsol\u00e1sa, a nyerem\u00e9nyek \u00e1tad\u00e1sa<\/b><\/p>\n<p><span style=\"font-weight: 400;\">A Szervez\u0151 a sorsol\u00e1st automatiz\u00e1lt g\u00e9pi sorsol\u00e1s \u00fatj\u00e1n bonyol\u00edtja. A Szervez\u0151 kiz\u00e1r\u00f3lag a jelen J\u00e1t\u00e9kszab\u00e1lyzatban foglalt felt\u00e9teleknek megfelel\u0151 r\u00e9sztvev\u0151k k\u00f6z\u00f6tt sorsolja a nyerem\u00e9nyeket.<\/span><\/p>\n<p><span style=\"font-weight: 400;\">A nyerem\u00e9nyek sorsol\u00e1s\u00e1ra a Szervez\u0151 sz\u00e9khely\u00e9n, <\/span><span style=\"font-weight: 400;\">2023. j\u00fanius 13-\u00e1n 10:00-kor ker\u00fcl sor.<\/span><\/p>\n<p><span style=\"font-weight: 400;\">A Szervez\u0151 a sorsol\u00e1s alkalm\u00e1val a J\u00e1t\u00e9kszab\u00e1lyzatban foglalt felt\u00e9teleknek megfelel\u0151 r\u00e9sztvev\u0151k k\u00f6z\u00f6tt 10 nyertest sorsol. Minden nyertes mellett 1-1 p\u00f3tnyertes is kiv\u00e1laszt\u00e1sra ker\u00fcl (\u00f6sszesen 10 p\u00f3tnyertes). A sorsol\u00e1sn\u00e1l jelen van a 3 tag\u00fa sorsol\u00e1si bizotts\u00e1g, a sorsol\u00e1sr\u00f3l, valamint annak eredm\u00e9ny\u00e9r\u0151l jegyz\u0151k\u00f6nyv k\u00e9sz\u00fcl.<\/span><\/p>\n<p><span style=\"font-weight: 400;\">A Szervez\u0151 a nyerteseket a regisztr\u00e1ci\u00f3kor megadott e-mail c\u00edmen \u00e9rtes\u00edti, a sorsol\u00e1st k\u00f6vet\u0151 5 napon bel\u00fcl.<\/span><\/p>\n<p><span style=\"font-weight: 400;\">A nyerteseknek 5 munkanapon bel\u00fcl sz\u00fcks\u00e9ges v\u00e1lasz e-mailben meger\u0151s\u00edteni\u00fck a nyerem\u00e9ny elfogad\u00e1s\u00e1t<\/span><span style=\"font-weight: 400;\">, az Adatkezel\u00e9si t\u00e1j\u00e9koztat\u00f3ban foglalt adatok megk\u00fcld\u00e9s\u00e9vel. H<\/span><span style=\"font-weight: 400;\">a az el\u0151z\u0151ek szerinti egy\u00fcttm\u0171k\u00f6d\u00e9si k\u00f6telezetts\u00e9g\u00e9t a nyertes hat\u00e1rid\u0151n bel\u00fcl nem teljes\u00edti, a nyerem\u00e9nyre val\u00f3 jogosults\u00e1g\u00e1t elveszti.<\/span><\/p>\n<p><span style=\"font-weight: 400;\">A p\u00f3tnyertes \u00e9rtes\u00edt\u00e9s\u00e9re \u00e9s a kapcsolatfelv\u00e9telre a nyertesre vonatkoz\u00f3 szab\u00e1lyok alkalmazand\u00f3k. A p\u00f3tnyertes helyett \u00fajabb p\u00f3tnyertes kiv\u00e1laszt\u00e1s\u00e1ra nem ker\u00fcl sor.<\/span><\/p>\n<p><span style=\"font-weight: 400;\">A nyerem\u00e9nyeket a Szervez\u0151 elektronikus \u00faton juttatja el a nyerteseknek a regisztr\u00e1ci\u00f3 sor\u00e1n megadott e-mail c\u00edmre, egyszeri alkalommal, a J\u00e1t\u00e9k lez\u00e1r\u00e1s\u00e1t \u00e9s a nyertessel val\u00f3 adategyeztet\u00e9st k\u00f6vet\u0151 30 napon bel\u00fcl. A sikertelen \u00e9rtes\u00edt\u00e9s, k\u00e9zbes\u00edt\u00e9s t\u00e9ny\u00e9t a nyertes e-mailes \u00faton jelezheti a Szervez\u0151nek.<\/span><\/p>\n<p><span style=\"font-weight: 400;\">A J\u00e1t\u00e9kban t\u00f6rt\u00e9n\u0151 r\u00e9szv\u00e9telb\u0151l ered\u0151 vit\u00e1kkal kapcsolatosan a Szervez\u0151 mindennem\u0171 felel\u0151ss\u00e9get \u00e9s a jogi \u00fat ig\u00e9nybev\u00e9tel\u00e9nek a lehet\u0151s\u00e9g\u00e9t kiz\u00e1rja. A Szervez\u0151 nem v\u00e1llal felel\u0151ss\u00e9get a R\u00e9sztvev\u0151k \u00e1ltal t\u00e9vesen vagy hib\u00e1san megadott adatokkal okozott k\u00f6vetkezm\u00e9nyek\u00e9rt.<\/span><\/p>\n<p><b>6. Inform\u00e1ci\u00f3 a J\u00e1t\u00e9kr\u00f3l<\/b><\/p>\n<p><span style=\"font-weight: 400;\">A J\u00e1t\u00e9kkal kapcsolatos inform\u00e1ci\u00f3k \u00e9s a J\u00e1t\u00e9k hivatalos j\u00e1t\u00e9kszab\u00e1lyzata a pulzus.eu oldalon jelennek meg.<\/span><\/p>\n<p><span style=\"font-weight: 400;\">A Nyerem\u00e9nyk\u00e9nt a Nyertesnek \u00e1tadott utalv\u00e1nnyal a Szervez\u0151t\u0151l elt\u00e9r\u0151 harmadik szem\u00e9lyek \u00e1ltal ny\u00fajtott term\u00e9kek, szolg\u00e1ltat\u00e1sok \u00e9rhet\u0151ek el. A kuponok bev\u00e1lt\u00e1s\u00e1val foglalkoz\u00f3 \u00fczletek tulajdonosai, \u00fczemeltet\u0151i vagy szolg\u00e1ltat\u00f3i \u00e1ltal k\u00edn\u00e1lt term\u00e9kek \u00e1tv\u00e9tel\u00e9hez vagy szolg\u00e1ltat\u00e1sok ig\u00e9nybev\u00e9tel\u00e9hez el\u0151\u00edrhatnak saj\u00e1t felt\u00e9teleket.<\/span><\/p>\n<p><span style=\"font-weight: 400;\">A Pontok Nyerem\u00e9nyre t\u00f6rt\u00e9n\u0151 bev\u00e1lt\u00e1s\u00e1hoz szem\u00e9lyes adatok \u00f6sszegy\u0171jt\u00e9s\u00e9re, feldolgoz\u00e1s\u00e1ra, \u00e9s\/vagy \u00e1tad\u00e1s\u00e1ra, illetve tov\u00e1bbi szem\u00e9lyes adatok megad\u00e1s\u00e1ra lehet sz\u00fcks\u00e9g. A jelen Szab\u00e1lyzat elfogad\u00e1s\u00e1val a R\u00e9sztvev\u0151 tudom\u00e1sul veszi a szem\u00e9lyes adatainak ilyen c\u00e9lb\u00f3l t\u00f6rt\u00e9n\u0151 gy\u0171jt\u00e9s\u00e9t, feldolgoz\u00e1s\u00e1t \u00e9s\/vagy \u00e1tad\u00e1s\u00e1t. Az ilyen szem\u00e9lyes adatokra az Adatv\u00e9delmi t\u00e1j\u00e9koztat\u00f3ban meghat\u00e1rozott felt\u00e9telek ir\u00e1nyad\u00f3k.<\/span><\/p>\n<p><b>7. Ad\u00f3k, j\u00e1rul\u00e9kok, illet\u00e9kek, egy\u00e9b d\u00edjak<\/b><\/p>\n<p><span style=\"font-weight: 400;\">A nyerem\u00e9nyeket SZJA \u00e9s egy\u00e9b ad\u00f3 vagy j\u00e1rul\u00e9k nem terheli. Ugyanakkor a Szervez\u0151 v\u00e1llalja, hogy amennyiben a nyerem\u00e9nyekkel kapcsolatban b\u00e1rmilyen ad\u00f3- vagy egy\u00e9b j\u00e1rul\u00e9kfizet\u00e9si k\u00f6telezetts\u00e9g felmer\u00fcl, \u00fagy a Szervez\u0151 a nyerem\u00e9nyre esetlegesen k\u00f6zvetlen\u00fcl alkalmazand\u00f3 szem\u00e9lyi j\u00f6vedelemad\u00f3t (SZJA) \u00e9s a nyerem\u00e9nyekkel kapcsolatban felmer\u00fcl\u0151 egy\u00e9b j\u00e1rul\u00e9kokat, szoci\u00e1lis hozz\u00e1j\u00e1rul\u00e1si ad\u00f3t megfizeti. Az ezeken fel\u00fcl esetlegesen felmer\u00fcl\u0151 m\u00e1s ad\u00f3, d\u00edj \u00e9s illet\u00e9k, illetve minden kapcsol\u00f3d\u00f3 k\u00f6lts\u00e9g a nyertest terheli.<\/span><\/p>\n<p><b>8. Vegyes rendelkez\u00e9sek<\/b><\/p>\n<p><span style=\"font-weight: 400;\">A Szervez\u0151 a nyerem\u00e9nyekkel kapcsolatban azt szavatolja, hogy a jelen J\u00e1t\u00e9kszab\u00e1lyzat szerinti nyerem\u00e9nyeket a felt\u00e9teleknek megfelel\u0151 nyerteseknek \u00e1tadja. A Szervez\u0151 a J\u00e1t\u00e9kkal kapcsolatos minden egy\u00e9b ig\u00e9nnyel kapcsolatban kiz\u00e1rja felel\u0151ss\u00e9g\u00e9t.<\/span><\/p>\n<p><span style=\"font-weight: 400;\">A Szervez\u0151 kiz\u00e1rja a felel\u0151ss\u00e9g\u00e9t minden, a pulzus.eu honlapot \u00e9s Pulzus Applik\u00e1ci\u00f3ban, illetve az azt m\u0171k\u00f6dtet\u0151 szervert \u00e9rt k\u00fcls\u0151 t\u00e1mad\u00e1sok \u00e9s meghib\u00e1sod\u00e1s eset\u00e9re. Teh\u00e1t amennyiben a honlapot, illetve szervert vagy a kiszolg\u00e1l\u00f3 h\u00e1l\u00f3zatot, a Pulzus Applik\u00e1ci\u00f3t \u00e9rt t\u00e1mad\u00e1s folyt\u00e1n a j\u00e1t\u00e9kosok t\u00e9ves rendszer\u00fczeneteket kapnak nyerem\u00e9nyeiket, a nyertes\/nem nyertes st\u00e1tuszukat stb. illet\u0151en, \u00fagy ezen esetekre a Szervez\u0151 felel\u0151ss\u00e9get nem v\u00e1llal.<\/span><\/p>\n<p><span style=\"font-weight: 400;\">Szervez\u0151 fenntartja a jogot, hogy a jelen J\u00e1t\u00e9kszab\u00e1lyzatban foglalt felt\u00e9teleket vagy mag\u00e1t a J\u00e1t\u00e9kot \u2013 ak\u00e1r annak id\u0151tartama alatt is \u2013 egyoldal\u00faan m\u00f3dos\u00edtsa, felf\u00fcggessze vagy megsz\u00fcntesse, azzal, hogy err\u0151l k\u00f6zlem\u00e9nyt k\u00f6teles megjelentetni a pulzus.eu honlapon.<\/span><\/p>\n<p><span style=\"font-weight: 400;\">A J\u00e1t\u00e9kra a mindenkor hat\u00e1lyos magyar jogszab\u00e1lyok vonatkoz\u00f3 rendelkez\u00e9sei ir\u00e1nyad\u00f3k. A J\u00e1t\u00e9kkal kapcsolatosan felmer\u00fcl\u0151 esetleges jogvit\u00e1k kiz\u00e1r\u00f3lagosan a magyar b\u00edr\u00f3s\u00e1gok joghat\u00f3s\u00e1ga al\u00e1 tartoznak. A Szervez\u0151 2023. okt\u00f3ber 25. napj\u00e1t k\u00f6vet\u0151en a J\u00e1t\u00e9kkal \u00f6sszef\u00fcgg\u00e9sben semmif\u00e9le panaszt, ig\u00e9nyt, k\u00f6vetel\u00e9st nem fogad el.<\/span><\/p>\n<p><b>9. Adatkezel\u00e9si t\u00e1j\u00e9koztat\u00f3<\/b><\/p>\n<p><span style=\"font-weight: 400;\">A Szervez\u0151 a J\u00e1t\u00e9kosok \u00e1ltal a J\u00e1t\u00e9k c\u00e9ljaira megadott szem\u00e9lyes adatok tekintet\u00e9ben adatkezel\u0151nek min\u0151s\u00fcl (a tov\u00e1bbiakban \u00fagy is, mint: \u201eAdatkezel\u0151\u201d).<\/span><span style=\"font-weight: 400;\"><br \/>\n<\/span><span style=\"font-weight: 400;\">A J\u00e1t\u00e9kosok a J\u00e1t\u00e9kkal \u00f6sszef\u00fcgg\u0151 adatkezel\u00e9s \u00e9rintettjei.<\/span><span style=\"font-weight: 400;\"><br \/>\n<\/span><span style=\"font-weight: 400;\">A jelen szab\u00e1lyzat, mint adatv\u00e9delmi t\u00e1j\u00e9koztat\u00f3, ir\u00e1nyad\u00f3 a J\u00e1t\u00e9k keret\u00e9ben gy\u0171jt\u00f6tt szem\u00e9lyes adatok kezel\u00e9se tekintet\u00e9ben.<\/span><span style=\"font-weight: 400;\"><br \/>\n<\/span><span style=\"font-weight: 400;\">A Szervez\u0151 \u00e1ltal\u00e1nos adatv\u00e9delmi t\u00e1j\u00e9koztat\u00f3ja<\/span><\/p>\n<p><span style=\"font-weight: 400;\">(weboldal link:\u00a0<\/span><a href=\"https:\/\/www.pulzus.eu\/pulzus-kutato-adatkezelesi-tajekoztato\/#adatkezeles\"><span style=\"font-weight: 400;\">https:\/\/www.pulzus.eu\/pulzus-kutato-adatkezelesi-tajekoztato\/#adatkezeles<\/span><\/a><span style=\"font-weight: 400;\">\u00a0) \u00e9s a jelen szab\u00e1lyzat k\u00f6z\u00f6tti b\u00e1rmilyen esetleges elt\u00e9r\u00e9s eset\u00e9n a jelen szab\u00e1lyzatban foglaltak ir\u00e1nyad\u00f3ak.<\/span><\/p>\n<p><span style=\"font-weight: 400;\">Adatkezel\u0151:<\/span><\/p>\n<p><span style=\"font-weight: 400;\">A Magyar Target-Pulzus M\u00e9dia Kutat\u00f3 Korl\u00e1tolt Felel\u0151ss\u00e9g\u0171 T\u00e1rsas\u00e1g (sz\u00e9khely: 1096 Budapest, Thaly K\u00e1lm\u00e1n utca 39., c\u00e9gjegyz\u00e9ksz\u00e1m:01-09-669916, ad\u00f3sz\u00e1m: 12358764-2-43), mint szervez\u0151<\/span><b>.<\/b><\/p>\n<p><span style=\"font-weight: 400;\">Az adatkezel\u00e9s c\u00e9lja:<\/span><span style=\"font-weight: 400;\"><br \/>\n<\/span><span style=\"font-weight: 400;\">A szem\u00e9lyes adatok kezel\u00e9s\u00e9nek c\u00e9lja a J\u00e1t\u00e9k szervez\u00e9se, a menet\u00e9nek dokument\u00e1l\u00e1sa, ennek r\u00e9szek\u00e9nt a j\u00e1t\u00e9kosokkal t\u00f6rt\u00e9n\u0151 kommunik\u00e1ci\u00f3, a nyertesek azonos\u00edt\u00e1sa, valamint a nyerem\u00e9nyek \u00e1tad\u00e1sa \u00e9s a nyerem\u00e9ny k\u00f6nyvel\u00e9se.<\/span><span style=\"font-weight: 400;\"><br \/>\n<\/span><span style=\"font-weight: 400;\">A Szervez\u0151 a k\u00e9rd\u00e9sekre adott v\u00e1laszokat statisztikai c\u00e9lokra, anonimiz\u00e1lt form\u00e1ban haszn\u00e1lja fel.<\/span><\/p>\n<p><span style=\"font-weight: 400;\">A kezelt szem\u00e9lyes adatok k\u00f6re (a szem\u00e9lyes adatok, amelyekre az adatkezel\u00e9s kiterjed):<\/span><span style=\"font-weight: 400;\"><br \/>\n<\/span><span style=\"font-weight: 400;\">A j\u00e1t\u00e9kosok vonatkoz\u00e1s\u00e1ban a Szervez\u0151 az al\u00e1bbi szem\u00e9lyes adatokat kezeli:<\/span><span style=\"font-weight: 400;\"><br \/>\n<\/span><span style=\"font-weight: 400;\">\u2013\u00a0\u00a0 \u00a0a j\u00e1t\u00e9kosok vezet\u00e9kneve \u00e9s keresztneve,<\/span><span style=\"font-weight: 400;\"><br \/>\n<\/span><span style=\"font-weight: 400;\">\u2013\u00a0\u00a0 \u00a0k\u00e9zbes\u00edt\u00e9si (postai) c\u00edm (ir\u00e1ny\u00edt\u00f3sz\u00e1m, telep\u00fcl\u00e9s, utca, h\u00e1zsz\u00e1m),<\/span><span style=\"font-weight: 400;\"><br \/>\n<\/span><span style=\"font-weight: 400;\">\u2013\u00a0 \u00a0 telefonsz\u00e1m (kapcsolattart\u00e1s c\u00e9lj\u00e1b\u00f3l),<\/span><span style=\"font-weight: 400;\"><br \/>\n<\/span><span style=\"font-weight: 400;\">\u2013\u00a0\u00a0 \u00a0j\u00e1t\u00e9kos e-mail c\u00edme,<\/span><span style=\"font-weight: 400;\"><br \/>\n<\/span><span style=\"font-weight: 400;\">\u2013\u00a0\u00a0 \u00a0a J\u00e1t\u00e9kkal kapcsolatban a j\u00e1t\u00e9kos cselekm\u00e9nyei \u00e9s a j\u00e1t\u00e9kos \u00e1ltal megadott v\u00e1laszok, bele\u00e9rtve a j\u00e1t\u00e9kosok r\u00e9sz\u00e9r\u0151l esetlegesen rendelkez\u00e9sre bocs\u00e1tott egy\u00e9b adat.<\/span><\/p>\n<p><span style=\"font-weight: 400;\">Az adatkezel\u00e9s jogalapja:<\/span><span style=\"font-weight: 400;\"><br \/>\n<\/span><span style=\"font-weight: 400;\">A J\u00e1t\u00e9kban val\u00f3 r\u00e9szv\u00e9tellel, a Nyerem\u00e9nyek \u00e1tad\u00e1s\u00e1val \u00e9s a nyilv\u00e1noss\u00e1g err\u0151l val\u00f3 t\u00e1j\u00e9koztat\u00e1s\u00e1val kapcsolatos adatkezel\u00e9sn\u00e9l az EU 2016\/679. sz\u00e1m\u00fa \u00c1ltal\u00e1nos Adatv\u00e9delmi Rendelet\u00e9nek (\u201eGDPR\u201d) 6. cikk (1) bekezd\u00e9s b) pontja \u2013 a nyerem\u00e9nyj\u00e1t\u00e9kban val\u00f3 r\u00e9szv\u00e9telre ir\u00e1nyul\u00f3 szerz\u0151d\u00e9s megk\u00f6t\u00e9se \u00e9s teljes\u00edt\u00e9se, amelyben a j\u00e1t\u00e9kos az egyik f\u00e9l.<\/span><\/p>\n<p><span style=\"font-weight: 400;\">A nyerem\u00e9nnyel kapcsolatos ad\u00f3jogi elsz\u00e1mol\u00e1shoz sz\u00fcks\u00e9ges adatok kezel\u00e9s\u00e9nek jogalapja a GDPR 6. cikk (1) bekezd\u00e9s c) pontja \u2013 <\/span><span style=\"font-weight: 400;\">az az adatkezel\u0151re vonatkoz\u00f3 ad\u00f3jogi \u00e9s sz\u00e1mviteli k\u00f6telezetts\u00e9gek teljes\u00edt\u00e9s\u00e9hez sz\u00fcks\u00e9ges. A jogi k\u00f6telezetts\u00e9g: az adatokat a Szervez\u0151 a sz\u00e1mvitelr\u0151l sz\u00f3l\u00f3 2000. \u00e9<\/span><span style=\"font-weight: 400;\">vi C. t\u00f6rv\u00e9ny (\u201eSztv.\u201d) 169. \u00a7 szakasza alapj\u00e1n k\u00f6teles meg\u0151rizni.<\/span><\/p>\n<p><b>Az adatkezel\u00e9s id\u0151tartama:<\/b><span style=\"font-weight: 400;\"><br \/>\n<\/span><span style=\"font-weight: 400;\">\u2013 A nyertes tekintet\u00e9ben: az adatokat a Szervez\u0151 az Sztv. 169. \u00a7 szakasza alapj\u00e1n k\u00f6teles meg\u0151rizni, \u00edgy az adatokat a Szervez\u0151 a J\u00e1t\u00e9kot k\u00f6vet\u0151en 8 \u00e9v m\u00falva t\u00f6rli. Az adatok a nyerem\u00e9nyek kiad\u00e1s\u00e1val kapcsolatos k\u00f6nyvel\u00e9st al\u00e1t\u00e1maszt\u00f3 iratok r\u00e9sz\u00e9t k\u00e9pezik.<\/span><span style=\"font-weight: 400;\"><br \/>\n<\/span><span style=\"font-weight: 400;\">\u2013 A k\u00e9rd\u0151\u00edvre adott v\u00e1laszokat a Szervez\u0151 az adott h\u00f3nap v\u00e9g\u00e9n, a h\u00f3nap lez\u00e1rt\u00e1t k\u00f6vet\u0151en halad\u00e9ktalanul anonimiz\u00e1lja.<\/span><span style=\"font-weight: 400;\"><br \/>\n<\/span><span style=\"font-weight: 400;\">\u2013 A nyerem\u00e9nyek \u00e1tad\u00e1s\u00e1nak hat\u00e1ridej\u00e9t k\u00f6vet\u0151en a Szervez\u0151 valamennyi nem nyertes j\u00e1t\u00e9kos J\u00e1t\u00e9kkal kapcsolatban kezelt tov\u00e1bbi, esetlegesen tudom\u00e1s\u00e1ra jutott szem\u00e9lyes adat\u00e1t t\u00f6rli.<\/span><\/p>\n<p><b>Az adatok megismer\u00e9s\u00e9re jogosult szem\u00e9lyek k\u00f6re:<\/b><span style=\"font-weight: 400;\"><br \/>\n<\/span><span style=\"font-weight: 400;\">\u2013 A j\u00e1t\u00e9kosok \u00e9s nyertesek \u00e1ltal megadott adatokat tartalmaz\u00f3 adminisztr\u00e1ci\u00f3s fel\u00fclethez a Szervez\u0151nek a j\u00e1t\u00e9k szervez\u00e9s\u00e9vel kapcsolatos feladataikat ell\u00e1t\u00f3 munkav\u00e1llal\u00f3i f\u00e9rnek hozz\u00e1 egyedi jogosults\u00e1g alapj\u00e1n.<\/span><span style=\"font-weight: 400;\"><br \/>\n<\/span><span style=\"font-weight: 400;\">\u2013 A k\u00e9rd\u0151\u00edvre adott v\u00e1laszok anonimiz\u00e1l\u00e1s\u00e1t a Szervez\u0151 \u00e1ltal kijel\u00f6lt marketing munkat\u00e1rs l\u00e1tja el.<\/span><span style=\"font-weight: 400;\"><br \/>\n<\/span><span style=\"font-weight: 400;\">\u2013 A Szervez\u0151, mint adatkezel\u0151 az adatok biztons\u00e1ga \u00e9rdek\u00e9ben megfelel\u0151 technikai \u00e9s szervez\u00e9si int\u00e9zked\u00e9seket tett \u00e9s elj\u00e1r\u00e1si szab\u00e1lyokat alak\u00edtott ki. Ennek keretein bel\u00fcl a weboldalhoz, a Pulzus Applik\u00e1ci\u00f3ban \u00e9s az azon kereszt\u00fcl t\u00e1rolt adatokhoz csak megfelel\u0151 jogosults\u00e1ggal rendelkez\u0151 szem\u00e9lyek f\u00e9rhetnek hozz\u00e1. Ennek sor\u00e1n a tev\u00e9kenys\u00e9gek logol\u00e1sra ker\u00fclnek. A k\u00e9rd\u0151\u00edvre adott v\u00e1laszokat csak az, erre kijel\u00f6lt szem\u00e9ly ismerheti meg, akinek feladata azok anonimiz\u00e1l\u00e1sa. A k\u00e9rd\u0151\u00edv k\u00e9rd\u00e9sek kit\u00f6lt\u00e9se el\u0151felt\u00e9tele a nyerem\u00e9nyj\u00e1t\u00e9kon val\u00f3 r\u00e9szv\u00e9telnek, azonban az adott v\u00e1laszok ismerete nem sz\u00fcks\u00e9ges ehhez, ez\u00e9rt a sorsol\u00e1son r\u00e9sztvev\u0151k eset\u00e9ben csak az a t\u00e9ny ker\u00fcl r\u00f6gz\u00edt\u00e9sre, hogy a k\u00e9rd\u0151\u00edvet kit\u00f6lt\u00f6tt\u00e9k \u00e9s valamennyi szem\u00e9lyes adatuk \u2013 a nyertes kiv\u00e9tel\u00e9vel \u2013 t\u00f6rl\u00e9sre ker\u00fcl a nyertesek kisorsol\u00e1s\u00e1t k\u00f6vet\u0151en.<\/span><\/p>\n<p><span style=\"font-weight: 400;\">\u00a0<\/span><\/p>\n<p><b>\u00a010. Egy\u00e9b rendelkez\u00e9sek, tudnival\u00f3k<\/b><\/p>\n<p><span style=\"font-weight: 400;\">A Szervez\u0151 kijelenti, illetve a R\u00e9sztvev\u0151k tudom\u00e1sul veszik, hogy az adat\u00e1llom\u00e1nyba val\u00f3 felv\u00e9telb\u0151l (\u00e9s ez\u00e1ltal a J\u00e1t\u00e9kb\u00f3l) azokat a szem\u00e9lyeket kiz\u00e1rja, illetve a J\u00e1t\u00e9kban t\u00f6rt\u00e9n\u0151 r\u00e9szv\u00e9telt nem biztos\u00edtja, akik nem fogadj\u00e1k el a jelen Szab\u00e1lyzat rendelkez\u00e9seit.<\/span><\/p>\n<p><span style=\"font-weight: 400;\">Szervez\u0151 \u2013 indokol\u00e1s n\u00e9lk\u00fcl \u2013 visszavonhatja, felf\u00fcggesztheti, m\u00f3dos\u00edtja vagy megsz\u00fcntetheti a J\u00e1t\u00e9kot r\u00e9szben, vagy eg\u00e9szben b\u00e1rmilyen technikai, kereskedelmi vagy m\u0171k\u00f6d\u00e9si okb\u00f3l kifoly\u00f3lag, amellyel \u00f6sszef\u00fcgg\u00e9sben kiz\u00e1r mindenf\u00e9le k\u00e1rtalan\u00edt\u00e1si, k\u00e1rt\u00e9r\u00edt\u00e9si ig\u00e9nyt vagy jogi utat. Abban az esetben, ha a J\u00e1t\u00e9k visszavon\u00e1sra, felf\u00fcggeszt\u00e9sre, m\u00f3dos\u00edt\u00e1sra vagy megsz\u00fcntet\u00e9sre ker\u00fcl a Szervez\u0151 \u00e1ltal, Szervez\u0151 t\u00f6rekszik arra, hogy ennek t\u00e9ny\u00e9t el\u0151zetesen nyilv\u00e1noss\u00e1gra hozza. Ugyanakkor a visszavon\u00e1s, felf\u00fcggeszt\u00e9s, m\u00f3dos\u00edt\u00e1s vagy megsz\u0171ntet\u00e9s ok\u00e1t\u00f3l f\u00fcgg\u0151en el\u0151fordulhat, hogy az el\u0151zetes \u00e9rtes\u00edt\u00e9s nem lehets\u00e9ges.<\/span><\/p>\n<p><span style=\"font-weight: 400;\">A R\u00e9sztvev\u0151k elfogadj\u00e1k, hogy a J\u00e1t\u00e9k sor\u00e1n a Szab\u00e1lyzatban foglaltak b\u00e1rminem\u0171 megszeg\u00e9s\u00e9vel a Szervez\u0151 sz\u00e1m\u00e1ra sz\u00e1nd\u00e9kosan okozott k\u00e1r\u00e9rt teljes k\u00f6r\u0171 felel\u0151ss\u00e9ggel tartoznak.<\/span><\/p>\n<p><span style=\"font-weight: 400;\">Szervez\u0151 nem felel\u0151s, \u00e9s kiz\u00e1r mindenf\u00e9le k\u00e1rtalan\u00edt\u00e1si, k\u00e1rt\u00e9r\u00edt\u00e9si ig\u00e9nyt vagy jogi utat a r\u00e9szv\u00e9tel sor\u00e1n felmer\u00fcl\u0151 esetleges hib\u00e1k\u00e9rt, hi\u00e1nyoss\u00e1gok\u00e9rt, hib\u00e1s m\u0171k\u00f6d\u00e9s\u00e9rt, a J\u00e1t\u00e9k sor\u00e1n bek\u00f6vetkezett k\u00e9s\u00e9sekb\u0151l ered\u0151 vagy ahhoz kapcsol\u00f3d\u00f3 k\u00f6lts\u00e9gek\u00e9rt, k\u00e1rok\u00e9rt, vesztes\u00e9gek\u00e9rt. Az esetleges el\u00edr\u00e1sok\u00e9rt \u00e9s nyomdai hib\u00e1k\u00e9rt, valamint m\u0171szaki probl\u00e9m\u00e1k\u00e9rt a Szervez\u0151 nem v\u00e1llal felel\u0151ss\u00e9get.<\/span><\/p>\n<p><span style=\"font-weight: 400;\">A R\u00e9sztvev\u0151 az\u00e1ltal, hogy r\u00e9szt vesz a J\u00e1t\u00e9kban, automatikusan elfogadja az ezen Szab\u00e1lyzatban felsorolt felt\u00e9teleket \u00e9s szab\u00e1lyokat azzal, hogy a Szab\u00e1lyzat elfogad\u00e1s\u00e1t a r\u00e9sztvev\u0151k a regisztr\u00e1ci\u00f3 sor\u00e1n k\u00fcl\u00f6n nyilatkozattal er\u0151s\u00edti meg. A Szervez\u0151 fenntartja mag\u00e1nak a jogot arra, hogy a jelen Szab\u00e1lyzat felt\u00e9teleit vagy a J\u00e1t\u00e9kot kieg\u00e9sz\u00edtse, vagy m\u00f3dos\u00edtsa, ak\u00e1r el\u0151zetes \u00e9rtes\u00edt\u00e9s n\u00e9lk\u00fcl.<\/span><\/p>\n<p><b><br \/>\n<\/b><b>Adatkezel\u0151\/Adatfeldolgoz\u00f3<\/b><span style=\"font-weight: 400;\"><br \/>\n<\/span><span style=\"font-weight: 400;\">C\u00e9gn\u00e9v: Magyar Target-Pulzus M\u00e9dia Kutat\u00f3 Korl\u00e1tolt Felel\u0151ss\u00e9g\u0171 T\u00e1rsas\u00e1g<\/span><span style=\"font-weight: 400;\"><br \/>\n<\/span><span style=\"font-weight: 400;\">Sz\u00e9khely:\u00a01096 Budapest, Thaly K\u00e1lm\u00e1n utca 39.<\/span><span style=\"font-weight: 400;\"><br \/>\n<\/span><span style=\"font-weight: 400;\">C\u00e9gjegyz\u00e9ksz\u00e1m: 01-09-669916<\/span><span style=\"font-weight: 400;\"><br \/>\n<\/span><span style=\"font-weight: 400;\">Ad\u00f3sz\u00e1m:\u00a012358764-2-43<\/span><span style=\"font-weight: 400;\"><br \/>\n<\/span><span style=\"font-weight: 400;\">Telefonsz\u00e1m: 36-1-467-5517<\/span><span style=\"font-weight: 400;\"><br \/>\n<\/span><span style=\"font-weight: 400;\">E-mail c\u00edm: info@mtm.callcenter.hu<\/span><span style=\"font-weight: 400;\"><br \/>\n<\/span><span style=\"font-weight: 400;\">adatv\u00e9delmi tisztvisel\u0151: dr. Sim\u00f3 Veronika<\/span><\/p>\n<p><b>Az adatkezel\u00e9s c\u00edmzettjei<\/b><span style=\"font-weight: 400;\"><br \/>\n<\/span><span style=\"font-weight: 400;\">Az adatfeldolgoz\u00f3, valamint a nyertesek eset\u00e9ben az ad\u00f3jogi elsz\u00e1mol\u00e1s eset\u00e9n a Nemzeti Ad\u00f3- \u00e9s V\u00e1mhivatal.<\/span><span style=\"font-weight: 400;\"><br \/>\n<\/span><span style=\"font-weight: 400;\">T\u00e1j\u00e9koztat\u00e1s a jogokr\u00f3l, illetve a jogorvoslati lehet\u0151s\u00e9gekr\u0151l.<\/span><\/p>\n<p><b>A szem\u00e9lyes adatokhoz val\u00f3 hozz\u00e1f\u00e9r\u00e9s<\/b><\/p>\n<p><span style=\"font-weight: 400;\">A J\u00e1t\u00e9kban r\u00e9sztvev\u0151 \u00e9rintettek a Szervez\u0151 al\u00e1bbi el\u00e9rhet\u0151s\u00e9gein b\u00e1rmikor t\u00e1j\u00e9koztat\u00e1st k\u00e9rhetnek arra vonatkoz\u00f3an, hogy szem\u00e9lyes adataik kezel\u00e9se folyamatban van-e, \u00e9s amennyiben igen, \u00fagy inform\u00e1ci\u00f3t kapnak az al\u00e1bbiakr\u00f3l:<\/span><span style=\"font-weight: 400;\"><br \/>\n<\/span><span style=\"font-weight: 400;\">a)\u00a0\u00a0 \u00a0az adatkezel\u00e9s c\u00e9lja,<\/span><span style=\"font-weight: 400;\"><br \/>\n<\/span><span style=\"font-weight: 400;\">b)\u00a0\u00a0 \u00a0az \u00e9rintett szem\u00e9lyes adat(ok) kateg\u00f3ri\u00e1i,<\/span><span style=\"font-weight: 400;\"><br \/>\n<\/span><span style=\"font-weight: 400;\">c)\u00a0\u00a0 \u00a0azon c\u00edmzettek kateg\u00f3ri\u00e1i, akikkel a szem\u00e9lyes adatot k\u00f6z\u00f6lt\u00e9k, vagy k\u00f6z\u00f6lni fogj\u00e1k (k\u00fcl\u00f6n\u00f6sen a harmadik orsz\u00e1gbeli c\u00edmzettek r\u00e9sz\u00e9re t\u00f6rt\u00e9n\u0151 adattov\u00e1bb\u00edt\u00e1s \u00e9s ennek garanci\u00e1i),<\/span><span style=\"font-weight: 400;\"><br \/>\n<\/span><span style=\"font-weight: 400;\">d)\u00a0\u00a0 \u00a0a szem\u00e9lyes adat t\u00e1rol\u00e1s\u00e1nak tervezett id\u0151tartama, ennek hi\u00e1ny\u00e1ban az id\u0151tartam meghat\u00e1roz\u00e1s\u00e1nak szempontjai,<\/span><span style=\"font-weight: 400;\"><br \/>\n<\/span><span style=\"font-weight: 400;\">e)\u00a0\u00a0 \u00a0a szem\u00e9lyes adat helyesb\u00edt\u00e9s\u00e9hez, t\u00f6rl\u00e9s\u00e9hez, kezel\u00e9s\u00e9nek korl\u00e1toz\u00e1s\u00e1hoz val\u00f3 jog, valamint a szem\u00e9lyes adat kezel\u00e9se elleni tiltakoz\u00e1s joga,<\/span><span style=\"font-weight: 400;\"><br \/>\n<\/span><span style=\"font-weight: 400;\">f)\u00a0\u00a0 \u00a0panasz beny\u00fajt\u00e1s\u00e1nak joga a fel\u00fcgyeleti hat\u00f3s\u00e1ghoz,<\/span><span style=\"font-weight: 400;\"><br \/>\n<\/span><span style=\"font-weight: 400;\">g)\u00a0\u00a0 \u00a0az adat forr\u00e1sa, ha azt nem k\u00f6zvetlen\u00fcl a J\u00e1t\u00e9kban r\u00e9sztvev\u0151 \u00e9rintettekt\u0151l vett\u00e9k fel,<\/span><span style=\"font-weight: 400;\"><br \/>\n<\/span><span style=\"font-weight: 400;\">h)\u00a0\u00a0 \u00a0automatiz\u00e1lt d\u00f6nt\u00e9shozatal (profilalkot\u00e1s), amennyiben erre sor ker\u00fclt.<\/span><span style=\"font-weight: 400;\"><br \/>\n<\/span><span style=\"font-weight: 400;\">A J\u00e1t\u00e9kban r\u00e9sztvev\u0151 \u00e9rintettek jogosultak a Szervez\u0151 \u00e1ltal kezelt szem\u00e9lyes adatokr\u00f3l m\u00e1solatot k\u00e9rni, kiv\u00e9ve, amennyiben ez m\u00e1sok jogait h\u00e1tr\u00e1nyosan \u00e9rinten\u00e9. Az els\u0151 p\u00e9ld\u00e1nyon t\u00fali tov\u00e1bbi m\u00e1solatok\u00e9rt az adminisztrat\u00edv k\u00f6lts\u00e9geken alapul\u00f3, \u00e9sszer\u0171 d\u00edj sz\u00e1m\u00edthat\u00f3 fel. A t\u00e1j\u00e9koztat\u00e1shoz val\u00f3 jog biztos\u00edt\u00e1s\u00e1hoz sz\u00fcks\u00e9gess\u00e9 v\u00e1lhat a szem\u00e9lyazonoss\u00e1g igazol\u00e1sa.<\/span><\/p>\n<p><b>Adathelyesb\u00edt\u00e9s<\/b><\/p>\n<p><span style=\"font-weight: 400;\">Amennyiben a J\u00e1t\u00e9kban r\u00e9sztvev\u0151 \u00e9rintett \u00fagy v\u00e9li, hogy az \u00e1ltalunk kezelt szem\u00e9lyes adatai pontatlanok, vagy hi\u00e1nyosak, \u00fagy a k\u00e9r\u00e9s\u00e9re a szem\u00e9lyes adatokat indokolatlan k\u00e9sedelem n\u00e9lk\u00fcl helyesb\u00edtj\u00fck, illetve azokat kieg\u00e9sz\u00edtj\u00fck.<\/span><\/p>\n<p><b>T\u00f6rl\u00e9s<\/b><\/p>\n<p><span style=\"font-weight: 400;\">A GDPR 17. cikk\u00e9ben foglalt esetekben, \u00edgy p\u00e9ld\u00e1ul, ha a szem\u00e9lyes adatokra m\u00e1r nincsen sz\u00fcks\u00e9g abb\u00f3l a c\u00e9lb\u00f3l, melyre azt a Szervez\u0151 felvette, a J\u00e1t\u00e9kban r\u00e9sztvev\u0151 \u00e9rintett k\u00e9rheti a szem\u00e9lyes adatok indokolatlan k\u00e9sedelem n\u00e9lk\u00fcl val\u00f3 t\u00f6rl\u00e9s\u00e9t.<\/span><\/p>\n<p><b>Az adatkezel\u00e9s korl\u00e1toz\u00e1sa<\/b><\/p>\n<p><span style=\"font-weight: 400;\">A GDPR 18. cikke alapj\u00e1n, amennyiben a J\u00e1t\u00e9kban r\u00e9sztvev\u0151 \u00e9rintett vitatja a Szervez\u0151 \u00e1ltal kezelt szem\u00e9lyes adatok pontoss\u00e1g\u00e1t, az adatkezel\u00e9st jogellenesnek v\u00e9li, de adatt\u00f6rl\u00e9st nem k\u00e9r, a Szervez\u0151 \u00e1ltal kezelni imm\u00e1r nem k\u00edv\u00e1nt adatokra ig\u00e9nyt tart, avagy tiltakoz\u00e1s\u00e1t fejezte ki az adatkezel\u00e9ssel szemben, k\u00e9rheti az adatkezel\u00e9s korl\u00e1toz\u00e1s\u00e1t. Ez esetben a korl\u00e1toz\u00e1s al\u00e1 tartoz\u00f3 adatok csak a J\u00e1t\u00e9kban r\u00e9sztvev\u0151 \u00e9rintett hozz\u00e1j\u00e1rul\u00e1s\u00e1val, vagy jogi ig\u00e9nyek el\u0151terjeszt\u00e9se c\u00e9lj\u00e1b\u00f3l, valamint fontos k\u00f6z\u00e9rdekb\u0151l kezelhet\u0151ek.<\/span><\/p>\n<p><b>Adathordozhat\u00f3s\u00e1g<\/b><span style=\"font-weight: 400;\"><br \/>\n<\/span><span style=\"font-weight: 400;\">Amennyiben a szem\u00e9lyes adatok automatiz\u00e1lt m\u00f3dszerrel t\u00f6rt\u00e9n\u0151 kezel\u00e9se a J\u00e1t\u00e9kban r\u00e9szt vev\u0151 \u00e9rintett hozz\u00e1j\u00e1rul\u00e1s\u00e1n alapul, vagy a vele k\u00f6t\u00f6tt szerz\u0151d\u00e9s teljes\u00edt\u00e9se \u00e9rdek\u00e9ben t\u00f6rt\u00e9nik, \u00fagy a J\u00e1t\u00e9kban r\u00e9szt vev\u0151 \u00e9rintett jogosult arra, hogy az adatok kiad\u00e1s\u00e1t k\u00e9rje sz\u00e9les k\u00f6rben haszn\u00e1lt, g\u00e9ppel olvashat\u00f3 form\u00e1tumban, illetve k\u00e9r\u00e9s\u00e9re az adatok k\u00f6zvetlen\u00fcl tov\u00e1bb\u00edt\u00e1sra ker\u00fclnek a J\u00e1t\u00e9kban r\u00e9sztvev\u0151 \u00e9rintett \u00e1ltal megjel\u00f6lt adatkezel\u0151 r\u00e9sz\u00e9re, amennyiben ennek technol\u00f3giai felt\u00e9telei fenn\u00e1llnak.<\/span><\/p>\n<p><b>Tiltakoz\u00e1s<\/b><\/p>\n<p><span style=\"font-weight: 400;\">A GDPR 21. cikk\u00e9ben r\u00e9szletezett esetekben a J\u00e1t\u00e9kban r\u00e9sztvev\u0151 \u00e9rintett jogosult arra, hogy saj\u00e1t helyzet\u00e9vel kapcsolatos okb\u00f3l b\u00e1rmikor tiltakozzon szem\u00e9lyes adatainak kezel\u00e9se ellen. Amennyiben a J\u00e1t\u00e9kban r\u00e9sztvev\u0151 \u00e9rintett szem\u00e9lyes adatainak k\u00f6zvetlen \u00fczletszerz\u00e9s c\u00e9lj\u00e1b\u00f3l val\u00f3 kezel\u00e9s\u00e9vel szemben fejezi ki tiltakoz\u00e1s\u00e1t, \u00fagy e c\u00e9lra adatait a Szervez\u0151 a tov\u00e1bbiakban nem kezeli.<\/span><\/p>\n<p><b>Automatiz\u00e1lt d\u00f6nt\u00e9shozatal, profilalkot\u00e1s<\/b><\/p>\n<p><span style=\"font-weight: 400;\">A J\u00e1t\u00e9kban r\u00e9sztvev\u0151 \u00e9rintett jogosult arra, hogy ne terjedjen ki r\u00e1 olyan, kiz\u00e1r\u00f3lag automatiz\u00e1lt adatkezel\u00e9sen alapul\u00f3 d\u00f6nt\u00e9s, mely a jogaira jelent\u0151s kihat\u00e1ssal b\u00edr. E jog gyakorl\u00e1s\u00e1t a GDPR bizonyos esetekben korl\u00e1tozza, vagy a J\u00e1t\u00e9kban r\u00e9sztvev\u0151 \u00e9rintett hozz\u00e1j\u00e1rul\u00e1s\u00e1t\u00f3l f\u00fcgg\u0151en lehet\u0151v\u00e9 teszi az automatiz\u00e1lt d\u00f6nt\u00e9shozatal alkalmaz\u00e1s\u00e1t. A J\u00e1t\u00e9kban r\u00e9sztvev\u0151 \u00e9rintett ezekben az esetekben is jogosult arra, hogy \u00e1ll\u00e1spontj\u00e1t kifejezze, emberi beavatkoz\u00e1st k\u00e9rjen, valamint, hogy a d\u00f6nt\u00e9ssel szemben kifog\u00e1st ny\u00fajtson be.<\/span><\/p>\n<p><b>Az \u00d6n jogainak biztos\u00edt\u00e1s\u00e1ra vonatkoz\u00f3 int\u00e9zked\u00e9sek<\/b><\/p>\n<p><span style=\"font-weight: 400;\">Amennyiben a J\u00e1t\u00e9kban r\u00e9sztvev\u0151 \u00e9rintett a fenti ig\u00e9nyek t\u00e1rgy\u00e1ban k\u00e9r\u00e9ssel fordul hozz\u00e1nk, \u00fagy a Szervez\u0151 indokolatlan k\u00e9sedelem n\u00e9lk\u00fcl megteszi a sz\u00fcks\u00e9ges int\u00e9zked\u00e9seket, \u00e9s legk\u00e9s\u0151bb az ig\u00e9ny k\u00e9zhezv\u00e9tel\u00e9t\u0151l sz\u00e1m\u00edtott egy h\u00f3napon bel\u00fcl t\u00e1j\u00e9koztatja \u0151t a megtett int\u00e9zked\u00e9sekr\u0151l, avagy arr\u00f3l, hogy az ig\u00e9ny mely okb\u00f3l nem volt teljes\u00edthet\u0151.<\/span><span style=\"font-weight: 400;\"><br \/>\n<\/span><span style=\"font-weight: 400;\">El\u0151fordulhat, hogy az ig\u00e9ny \u00f6sszetetts\u00e9ge vagy a k\u00e9relmek sz\u00e1ma miatt a hat\u00e1rid\u0151 meghosszabb\u00edt\u00e1sa v\u00e1lik sz\u00fcks\u00e9gess\u00e9, mely legfeljebb tov\u00e1bbi k\u00e9t h\u00f3napot vehet ig\u00e9nybe.<\/span><span style=\"font-weight: 400;\"><br \/>\n<\/span><span style=\"font-weight: 400;\">Ha a J\u00e1t\u00e9kban r\u00e9sztvev\u0151 \u00e9rintett ig\u00e9ny\u00e9t elektronikus \u00faton ny\u00fajtotta be a Szervez\u0151h\u00f6z, \u00fagy a v\u00e1laszad\u00e1s is elektronikus \u00faton t\u00f6rt\u00e9nik, kiv\u00e9ve, amennyiben erre vonatkoz\u00f3an a J\u00e1t\u00e9kban r\u00e9sztvev\u0151 \u00e9rintett m\u00e1sk\u00e9ppen rendelkezett.<\/span><\/p>\n<p><b>Jogorvoslati jog<\/b><\/p>\n<p><span style=\"font-weight: 400;\">A J\u00e1t\u00e9kban r\u00e9sztvev\u0151 \u00e9rintett jogainak megs\u00e9rt\u00e9se eset\u00e9n a jogszab\u00e1lyban meghat\u00e1rozott felt\u00e9telekkel:<\/span><span style=\"font-weight: 400;\"><br \/>\n<\/span><span style=\"font-weight: 400;\">\u2022\u00a0\u00a0 \u00a0az illet\u00e9kes adatv\u00e9delmi hat\u00f3s\u00e1ghoz (list\u00e1juk:\u00a0<\/span><a href=\"https:\/\/ec.europa.eu\/newsroom\/article29\/items\/612080\" target=\"_blank\" rel=\"noopener\"><span style=\"font-weight: 400;\">https:\/\/ec.europa.eu\/newsroom\/article29\/item-detail.cfm?item_id=612080<\/span><\/a><span style=\"font-weight: 400;\">., Magyarorsz\u00e1gon: Nemzeti Adatv\u00e9delmi \u00e9s Inform\u00e1ci\u00f3szabads\u00e1g Hat\u00f3s\u00e1g, c\u00edm: 1055 Budapest, Falk Miksa utca 9-11., postai c\u00edm: 1363 Budapest, Pf. 9., email c\u00edm: ugyfelszolgalat@naih.hu, honlap: www.naih.hu, tel. +36 (1) 391-1400) fordulhat, valamint<\/span><span style=\"font-weight: 400;\"><br \/>\n<\/span><span style=\"font-weight: 400;\">\u2022\u00a0\u00a0 \u00a0b\u00edr\u00f3s\u00e1gi jogorvoslatot vehet ig\u00e9nybe (a perre a Szervez\u0151, mint adatkezel\u0151 sz\u00e9khelye szerinti t\u00f6rv\u00e9nysz\u00e9k illet\u00e9kes, de a per \u2013 a J\u00e1t\u00e9kban r\u00e9sztvev\u0151 \u00e9rintett v\u00e1laszt\u00e1sa szerint \u2013 a J\u00e1t\u00e9kban r\u00e9sztvev\u0151 \u00e9rintett lak\u00f3helye vagy tart\u00f3zkod\u00e1si helye szerinti t\u00f6rv\u00e9nysz\u00e9k el\u0151tt is megind\u00edthat\u00f3. A b\u00edr\u00f3s\u00e1gok list\u00e1j\u00e1t l\u00e1sd:\u00a0<\/span><a href=\"https:\/\/birosag.hu\/torvenyszekek)\" target=\"_blank\" rel=\"noopener\"><span style=\"font-weight: 400;\">birosag.hu\/torvenyszekek)<\/span><\/a><span style=\"font-weight: 400;\">.<\/span><span style=\"font-weight: 400;\"><br \/>\n<\/span><span style=\"font-weight: 400;\">A szem\u00e9lyes adatokkal kapcsolatos adatv\u00e9delmi jogokat \u00e9s jogorvoslati lehet\u0151s\u00e9geket, \u00e9s ezzel kapcsolatban a GDPR vonatkoz\u00f3 rendelkez\u00e9seit \u00e9s korl\u00e1toz\u00e1sait r\u00e9szletesen a Szervez\u0151 adatkezel\u00e9si t\u00e1j\u00e9koztat\u00f3ja \u00e9s a GDPR tartalmazza (\u00edgy k\u00fcl\u00f6n\u00f6sen a GDPR 12- 22., 77-79. \u00e9s 82. cikkei).<\/span><\/p>\n<p><span style=\"font-weight: 400;\">Budapest, 2023.09.15.<\/span><\/p>\n<p>&nbsp;<\/p>","protected":false},"excerpt":{"rendered":"<p>PULZUS APP M\u00c1JUSI NYEREM\u00c9NYJ\u00c1T\u00c9K \u2013 J\u00c1T\u00c9KSZAB\u00c1LYZAT \u00a0A Magyar Target-Pulzus M\u00e9dia Kutat\u00f3 Korl\u00e1tolt Felel\u0151ss\u00e9g\u0171 T\u00e1rsas\u00e1g (sz\u00e9khely: 1096 Budapest, Thaly K\u00e1lm\u00e1n utca 39., c\u00e9gjegyz\u00e9ksz\u00e1m:01-09-669916, ad\u00f3sz\u00e1m: 12358764-2-43, a tov\u00e1bbiakban \u201cSzervez\u0151\u201d)\u201dM\u00c1JUSI NYEREM\u00c9NYJ\u00c1T\u00c9K\u201d\u00a0n\u00e9ven nyerem\u00e9nyj\u00e1t\u00e9kot (a tov\u00e1bbiakban: \u201eJ\u00e1t\u00e9k\u201d) hirdet. \u00a0K\u00e9rj\u00fck, olvassa el figyelmesen j\u00e1t\u00e9k al\u00e1bbi r\u00e9szv\u00e9teli felt\u00e9teleit. A J\u00e1t\u00e9kban val\u00f3 r\u00e9szv\u00e9tel a J\u00e1t\u00e9k jelen hivatalos szab\u00e1lyzat\u00e1nak (a tov\u00e1bbiakban: \u201eSzab\u00e1lyzat\u201d) automatikus elfogad\u00e1s\u00e1t [&#8230;]\n","protected":false},"author":2,"featured_media":0,"parent":0,"menu_order":0,"comment_status":"closed","ping_status":"closed","template":"","meta":{"_monsterinsights_skip_tracking":false,"_monsterinsights_sitenote_active":false,"_monsterinsights_sitenote_note":"","_monsterinsights_sitenote_category":0,"footnotes":""},"class_list":["post-7596","page","type-page","status-publish","hentry"],"_links":{"self":[{"href":"https:\/\/www.pulzus.eu\/en\/wp-json\/wp\/v2\/pages\/7596","targetHints":{"allow":["GET"]}}],"collection":[{"href":"https:\/\/www.pulzus.eu\/en\/wp-json\/wp\/v2\/pages"}],"about":[{"href":"https:\/\/www.pulzus.eu\/en\/wp-json\/wp\/v2\/types\/page"}],"author":[{"embeddable":true,"href":"https:\/\/www.pulzus.eu\/en\/wp-json\/wp\/v2\/users\/2"}],"replies":[{"embeddable":true,"href":"https:\/\/www.pulzus.eu\/en\/wp-json\/wp\/v2\/comments?post=7596"}],"version-history":[{"count":1,"href":"https:\/\/www.pulzus.eu\/en\/wp-json\/wp\/v2\/pages\/7596\/revisions"}],"predecessor-version":[{"id":7597,"href":"https:\/\/www.pulzus.eu\/en\/wp-json\/wp\/v2\/pages\/7596\/revisions\/7597"}],"wp:attachment":[{"href":"https:\/\/www.pulzus.eu\/en\/wp-json\/wp\/v2\/media?parent=7596"}],"curies":[{"name":"wp","href":"https:\/\/api.w.org\/{rel}","templated":true}]}}